{"id":80747,"date":"2019-07-05T13:54:35","date_gmt":"2019-07-05T12:54:35","guid":{"rendered":"https:\/\/dev.tomgrace.ch\/proj\/iskra\/"},"modified":"2022-03-08T11:59:00","modified_gmt":"2022-03-08T10:59:00","slug":"iskra","status":"publish","type":"portfolio","link":"https:\/\/tomgrace.ch\/fr\/design\/iskra\/","title":{"rendered":"Iskra"},"content":{"rendered":"<div class=\"wpb-content-wrapper\"><p>[vc_row unlock_row=\u00a0\u00bb\u00a0\u00bb row_height_percent=\u00a0\u00bb0&Prime; overlay_alpha=\u00a0\u00bb50&Prime; gutter_size=\u00a0\u00bb3&Prime; column_width_use_pixel=\u00a0\u00bbyes\u00a0\u00bb shift_y=\u00a0\u00bb0&Prime; z_index=\u00a0\u00bb0&Prime; column_width_pixel=\u00a0\u00bb700&Prime;][vc_column width=\u00a0\u00bb1\/1&Prime;][vc_custom_heading]Iskra[\/vc_custom_heading][vc_column_text]<span lang=\"FR\">La typographie sans-serif ne doit pas forc\u00e9ment \u00eatre inexpressive et fade.<\/span><\/p>\n<p>Cr\u00e9\u00e9e par mon atelier, Iskra est un sans-serif vibrant con\u00e7u pour les designers qui recherchent une voix visuelle \u00e9quilibr\u00e9e et avec de la personnalit\u00e9.<\/p>\n<p>Bas\u00e9e sur une structure \u00e0 faible contraste, Iskra (<em>\u00e9tincelle<\/em> en russe)\u00a0explore comment infuser une \u00e9nergie retenue dans les \u00e9critures cyrilliques et latines. Ses formes attirantes sont un hommage subtil au style moins pr\u00e9visible d\u2019un lettrage r\u00e9alis\u00e9 au pinceau. Elles contiennent des courbes \u00e0 la fois audacieuses et \u00e9l\u00e9gantes, des proportions compactes, des contreformes ouvertes et une l\u00e9g\u00e8re asym\u00e9trie verticale. La chaleur d\u2019Iskra provient de la mise en valeur subtile des diff\u00e9rentes formes de lettres, tandis que sa stabilit\u00e9 d\u00e9coule du rythme \u00e9quilibr\u00e9 et de la lisibilit\u00e9 sur de longues port\u00e9es de texte.<\/p>\n<p>Chaque fonte soutient plus de 75 langues, y compris de nombreuses langues de la Communaut\u00e9 des \u00c9tats Ind\u00e9pendants, et est r\u00e9gl\u00e9e \u00e0 la main pour une lisibilit\u00e9 et une esth\u00e9tique agr\u00e9ables, tant \u00e0 l\u2019impression qu\u2019\u00e0 l\u2019\u00e9cran. La famille Iskra contient des raffinements typographiques suppl\u00e9mentaires, parmi lesquels des chiffres ordinaux, des symboles mon\u00e9taires et des chiffres tabulaires et proportionnels, des exposants et des indices, des ornements, des ligatures et des voyelles cyrilliques alternatives avec des accents. Cette famille de caract\u00e8res constitue un excellent choix pour les pr\u00e9sentations, les articles, les marques et la publicit\u00e9.<\/p>\n<p>Disponible en 14 fontes, Iskra repr\u00e9sente une perspective nouvelle, tourn\u00e9e vers l\u2019avenir, m\u00ealant style et savoir-faire. La famille Iskra est disponible aupr\u00e8s de <a href=\"http:\/\/www.type-together.com\" target=\"_blank\" rel=\"noopener\">TypeTogether<\/a>.<\/p>\n<p>Iskra a gagn\u00e9 un prix au <a href=\"https:\/\/www.tdc.org\/competitions\/typeface-design-2012\/\" target=\"_blank\" rel=\"noopener\">concours Type Design 2012<\/a> du Type Directors Club.[\/vc_column_text][\/vc_column][\/vc_row][vc_row][vc_column width=\u00a0\u00bb1\/1&Prime;][vc_single_image media=\u00a0\u00bb80089&Prime; media_width_percent=\u00a0\u00bb100&Prime; alignment=\u00a0\u00bbcenter\u00a0\u00bb css_animation=\u00a0\u00bbalpha-anim\u00a0\u00bb animation_delay=\u00a0\u00bb200&Prime; el_class=\u00a0\u00bbimg-post-needsBorder\u00a0\u00bb][vc_single_image media=\u00a0\u00bb80091&Prime; media_width_percent=\u00a0\u00bb100&Prime; alignment=\u00a0\u00bbcenter\u00a0\u00bb css_animation=\u00a0\u00bbalpha-anim\u00a0\u00bb animation_delay=\u00a0\u00bb200&Prime;][vc_single_image media=\u00a0\u00bb80097&Prime; media_width_percent=\u00a0\u00bb100&Prime; alignment=\u00a0\u00bbcenter\u00a0\u00bb css_animation=\u00a0\u00bbalpha-anim\u00a0\u00bb animation_delay=\u00a0\u00bb200&Prime; el_class=\u00a0\u00bbimg-post-needsBorder\u00a0\u00bb][\/vc_column][\/vc_row][vc_row row_height_percent=\u00a0\u00bb0&Prime; back_color=\u00a0\u00bbcolor-gyho\u00a0\u00bb overlay_alpha=\u00a0\u00bb50&Prime; gutter_size=\u00a0\u00bb3&Prime; column_width_use_pixel=\u00a0\u00bbyes\u00a0\u00bb shift_y=\u00a0\u00bb0&Prime; z_index=\u00a0\u00bb0&Prime; column_width_pixel=\u00a0\u00bb700&Prime;][vc_column column_width_percent=\u00a0\u00bb100&Prime; gutter_size=\u00a0\u00bb3&Prime; overlay_alpha=\u00a0\u00bb50&Prime; shift_x=\u00a0\u00bb0&Prime; shift_y=\u00a0\u00bb0&Prime; shift_y_down=\u00a0\u00bb0&Prime; z_index=\u00a0\u00bb0&Prime; medium_width=\u00a0\u00bb0&Prime; mobile_width=\u00a0\u00bb0&Prime; width=\u00a0\u00bb1\/1&Prime;][vc_row_inner row_inner_height_percent=\u00a0\u00bb0&Prime; force_width_grid=\u00a0\u00bbyes\u00a0\u00bb overlay_alpha=\u00a0\u00bb50&Prime; equal_height=\u00a0\u00bbyes\u00a0\u00bb gutter_size=\u00a0\u00bb1&Prime; shift_y=\u00a0\u00bb0&Prime; z_index=\u00a0\u00bb0&Prime;][vc_column_inner column_width_use_pixel=\u00a0\u00bbyes\u00a0\u00bb position_horizontal=\u00a0\u00bbleft\u00a0\u00bb position_vertical=\u00a0\u00bbmiddle\u00a0\u00bb gutter_size=\u00a0\u00bb2&Prime; overlay_alpha=\u00a0\u00bb50&Prime; shift_x=\u00a0\u00bb0&Prime; shift_y=\u00a0\u00bb0&Prime; shift_y_down=\u00a0\u00bb0&Prime; z_index=\u00a0\u00bb0&Prime; align_medium=\u00a0\u00bbalign_left_tablet\u00a0\u00bb medium_width=\u00a0\u00bb0&Prime; align_mobile=\u00a0\u00bbalign_left_mobile\u00a0\u00bb mobile_width=\u00a0\u00bb0&Prime; width=\u00a0\u00bb1\/4&Prime; column_width_pixel=\u00a0\u00bb80&Prime; uncode_shortcode_id=\u00a0\u00bb141631&Prime;][vc_column_text css_animation=\u00a0\u00bbalpha-anim\u00a0\u00bb animation_delay=\u00a0\u00bb200&Prime;]<strong>Partager<\/strong>[\/vc_column_text][\/vc_column_inner][vc_column_inner column_width_use_pixel=\u00a0\u00bbyes\u00a0\u00bb position_horizontal=\u00a0\u00bbleft\u00a0\u00bb position_vertical=\u00a0\u00bbmiddle\u00a0\u00bb gutter_size=\u00a0\u00bb3&Prime; overlay_alpha=\u00a0\u00bb50&Prime; shift_x=\u00a0\u00bb0&Prime; shift_y=\u00a0\u00bb0&Prime; shift_y_down=\u00a0\u00bb0&Prime; z_index=\u00a0\u00bb0&Prime; medium_width=\u00a0\u00bb6&Prime; mobile_width=\u00a0\u00bb0&Prime; width=\u00a0\u00bb3\/4&Prime; column_width_pixel=\u00a0\u00bb300&Prime;][uncode_share layout=\u00a0\u00bbmultiple\u00a0\u00bb bigger=\u00a0\u00bbyes\u00a0\u00bb css_animation=\u00a0\u00bbalpha-anim\u00a0\u00bb animation_delay=\u00a0\u00bb200&Prime;][\/vc_column_inner][\/vc_row_inner][vc_empty_space empty_h=\u00a0\u00bb1&Prime;][\/vc_column][\/vc_row]<\/p>\n<\/div>","protected":false},"excerpt":{"rendered":"<p>La typographie sans-serif ne doit pas forc\u00e9ment \u00eatre inexpressive et fade. Cr\u00e9\u00e9e par mon atelier, Iskra est une famille de <a class=\"more-link\" href=\"https:\/\/tomgrace.ch\/fr\/design\/iskra\/\">Continue reading<\/a><\/p>\n","protected":false},"author":1,"featured_media":80122,"parent":0,"menu_order":0,"comment_status":"closed","ping_status":"open","template":"","meta":{"footnotes":""},"portfolio_category":[120,122,119,116],"class_list":["post-80747","portfolio","type-portfolio","status-publish","has-post-thumbnail","hentry","portfolio_category-creation","portfolio_category-detail","portfolio_category-developpement","portfolio_category-non-latin-fr"],"yoast_head":"<title>Iskra - Tom Grace<\/title>\n<meta name=\"description\" content=\"La typographie sans-serif ne doit pas forc\u00e9ment \u00eatre inexpressive et fade. Cr\u00e9\u00e9e par mon atelier, Iskra est une famille de caract\u00e8res vibrante con\u00e7ue pour les designers qui recherchent une voix visuelle \u00e9quilibr\u00e9e et avec de la personnalit\u00e9.\" \/>\n<meta name=\"robots\" content=\"index, follow, max-snippet:-1, max-image-preview:large, max-video-preview:-1\" \/>\n<link rel=\"canonical\" href=\"https:\/\/tomgrace.ch\/fr\/design\/iskra\/\" \/>\n<meta property=\"og:locale\" content=\"fr_FR\" \/>\n<meta property=\"og:type\" content=\"article\" \/>\n<meta property=\"og:title\" content=\"Iskra - Tom Grace\" \/>\n<meta property=\"og:description\" content=\"La typographie sans-serif ne doit pas forc\u00e9ment \u00eatre inexpressive et fade. Cr\u00e9\u00e9e par mon atelier, Iskra est une famille de caract\u00e8res vibrante con\u00e7ue pour les designers qui recherchent une voix visuelle \u00e9quilibr\u00e9e et avec de la personnalit\u00e9.\" \/>\n<meta property=\"og:url\" content=\"https:\/\/tomgrace.ch\/fr\/design\/iskra\/\" \/>\n<meta property=\"og:site_name\" content=\"Tom Grace\" \/>\n<meta property=\"article:modified_time\" content=\"2022-03-08T10:59:00+00:00\" \/>\n<meta property=\"og:image\" content=\"https:\/\/tomgrace.ch\/wp-content\/uploads\/2019\/10\/IskraH-2560.jpg\" \/>\n\t<meta property=\"og:image:width\" content=\"2560\" \/>\n\t<meta property=\"og:image:height\" content=\"1600\" \/>\n\t<meta property=\"og:image:type\" content=\"image\/jpeg\" \/>\n<meta name=\"twitter:card\" content=\"summary_large_image\" \/>\n<meta name=\"twitter:label1\" content=\"Dur\u00e9e de lecture estim\u00e9e\" \/>\n\t<meta name=\"twitter:data1\" content=\"3 minutes\" \/>\n<script type=\"application\/ld+json\" class=\"yoast-schema-graph\">{\"@context\":\"https:\/\/schema.org\",\"@graph\":[{\"@type\":\"WebPage\",\"@id\":\"https:\/\/tomgrace.ch\/fr\/design\/iskra\/\",\"url\":\"https:\/\/tomgrace.ch\/fr\/design\/iskra\/\",\"name\":\"Iskra - Tom Grace\",\"isPartOf\":{\"@id\":\"https:\/\/tomgrace.ch\/fr\/#website\"},\"primaryImageOfPage\":{\"@id\":\"https:\/\/tomgrace.ch\/fr\/design\/iskra\/#primaryimage\"},\"image\":{\"@id\":\"https:\/\/tomgrace.ch\/fr\/design\/iskra\/#primaryimage\"},\"thumbnailUrl\":\"https:\/\/tomgrace.ch\/wp-content\/uploads\/2019\/10\/IskraH-2560.jpg\",\"datePublished\":\"2019-07-05T12:54:35+00:00\",\"dateModified\":\"2022-03-08T10:59:00+00:00\",\"description\":\"La typographie sans-serif ne doit pas forc\u00e9ment \u00eatre inexpressive et fade. Cr\u00e9\u00e9e par mon atelier, Iskra est une famille de caract\u00e8res vibrante con\u00e7ue pour les designers qui recherchent une voix visuelle \u00e9quilibr\u00e9e et avec de la personnalit\u00e9.\",\"breadcrumb\":{\"@id\":\"https:\/\/tomgrace.ch\/fr\/design\/iskra\/#breadcrumb\"},\"inLanguage\":\"fr-FR\",\"potentialAction\":[{\"@type\":\"ReadAction\",\"target\":[\"https:\/\/tomgrace.ch\/fr\/design\/iskra\/\"]}]},{\"@type\":\"ImageObject\",\"inLanguage\":\"fr-FR\",\"@id\":\"https:\/\/tomgrace.ch\/fr\/design\/iskra\/#primaryimage\",\"url\":\"https:\/\/tomgrace.ch\/wp-content\/uploads\/2019\/10\/IskraH-2560.jpg\",\"contentUrl\":\"https:\/\/tomgrace.ch\/wp-content\/uploads\/2019\/10\/IskraH-2560.jpg\",\"width\":2560,\"height\":1600,\"caption\":\"Iskra\"},{\"@type\":\"BreadcrumbList\",\"@id\":\"https:\/\/tomgrace.ch\/fr\/design\/iskra\/#breadcrumb\",\"itemListElement\":[{\"@type\":\"ListItem\",\"position\":1,\"name\":\"Home\",\"item\":\"https:\/\/tomgrace.ch\/fr\/\"},{\"@type\":\"ListItem\",\"position\":2,\"name\":\"Design\",\"item\":\"https:\/\/tomgrace.ch\/fr\/design\/\"},{\"@type\":\"ListItem\",\"position\":3,\"name\":\"Iskra\"}]},{\"@type\":\"WebSite\",\"@id\":\"https:\/\/tomgrace.ch\/fr\/#website\",\"url\":\"https:\/\/tomgrace.ch\/fr\/\",\"name\":\"Tom Grace\",\"description\":\"Typeface &amp; lettering design\",\"publisher\":{\"@id\":\"https:\/\/tomgrace.ch\/fr\/#organization\"},\"potentialAction\":[{\"@type\":\"SearchAction\",\"target\":{\"@type\":\"EntryPoint\",\"urlTemplate\":\"https:\/\/tomgrace.ch\/fr\/?s={search_term_string}\"},\"query-input\":{\"@type\":\"PropertyValueSpecification\",\"valueRequired\":true,\"valueName\":\"search_term_string\"}}],\"inLanguage\":\"fr-FR\"},{\"@type\":\"Organization\",\"@id\":\"https:\/\/tomgrace.ch\/fr\/#organization\",\"name\":\"Tom Grace\",\"url\":\"https:\/\/tomgrace.ch\/fr\/\",\"logo\":{\"@type\":\"ImageObject\",\"inLanguage\":\"fr-FR\",\"@id\":\"https:\/\/tomgrace.ch\/fr\/#\/schema\/logo\/image\/\",\"url\":\"https:\/\/tomgrace.ch\/wp-content\/uploads\/2020\/05\/logoB-512.jpg\",\"contentUrl\":\"https:\/\/tomgrace.ch\/wp-content\/uploads\/2020\/05\/logoB-512.jpg\",\"width\":512,\"height\":512,\"caption\":\"Tom Grace\"},\"image\":{\"@id\":\"https:\/\/tomgrace.ch\/fr\/#\/schema\/logo\/image\/\"},\"sameAs\":[\"https:\/\/www.linkedin.com\/in\/tom-grace-a3b3491\/\"]}]}<\/script>","yoast_head_json":{"title":"Iskra - Tom Grace","description":"La typographie sans-serif ne doit pas forc\u00e9ment \u00eatre inexpressive et fade. Cr\u00e9\u00e9e par mon atelier, Iskra est une famille de caract\u00e8res vibrante con\u00e7ue pour les designers qui recherchent une voix visuelle \u00e9quilibr\u00e9e et avec de la personnalit\u00e9.","robots":{"index":"index","follow":"follow","max-snippet":"max-snippet:-1","max-image-preview":"max-image-preview:large","max-video-preview":"max-video-preview:-1"},"canonical":"https:\/\/tomgrace.ch\/fr\/design\/iskra\/","og_locale":"fr_FR","og_type":"article","og_title":"Iskra - Tom Grace","og_description":"La typographie sans-serif ne doit pas forc\u00e9ment \u00eatre inexpressive et fade. Cr\u00e9\u00e9e par mon atelier, Iskra est une famille de caract\u00e8res vibrante con\u00e7ue pour les designers qui recherchent une voix visuelle \u00e9quilibr\u00e9e et avec de la personnalit\u00e9.","og_url":"https:\/\/tomgrace.ch\/fr\/design\/iskra\/","og_site_name":"Tom Grace","article_modified_time":"2022-03-08T10:59:00+00:00","og_image":[{"width":2560,"height":1600,"url":"https:\/\/tomgrace.ch\/wp-content\/uploads\/2019\/10\/IskraH-2560.jpg","type":"image\/jpeg"}],"twitter_card":"summary_large_image","twitter_misc":{"Dur\u00e9e de lecture estim\u00e9e":"3 minutes"},"schema":{"@context":"https:\/\/schema.org","@graph":[{"@type":"WebPage","@id":"https:\/\/tomgrace.ch\/fr\/design\/iskra\/","url":"https:\/\/tomgrace.ch\/fr\/design\/iskra\/","name":"Iskra - Tom Grace","isPartOf":{"@id":"https:\/\/tomgrace.ch\/fr\/#website"},"primaryImageOfPage":{"@id":"https:\/\/tomgrace.ch\/fr\/design\/iskra\/#primaryimage"},"image":{"@id":"https:\/\/tomgrace.ch\/fr\/design\/iskra\/#primaryimage"},"thumbnailUrl":"https:\/\/tomgrace.ch\/wp-content\/uploads\/2019\/10\/IskraH-2560.jpg","datePublished":"2019-07-05T12:54:35+00:00","dateModified":"2022-03-08T10:59:00+00:00","description":"La typographie sans-serif ne doit pas forc\u00e9ment \u00eatre inexpressive et fade. Cr\u00e9\u00e9e par mon atelier, Iskra est une famille de caract\u00e8res vibrante con\u00e7ue pour les designers qui recherchent une voix visuelle \u00e9quilibr\u00e9e et avec de la personnalit\u00e9.","breadcrumb":{"@id":"https:\/\/tomgrace.ch\/fr\/design\/iskra\/#breadcrumb"},"inLanguage":"fr-FR","potentialAction":[{"@type":"ReadAction","target":["https:\/\/tomgrace.ch\/fr\/design\/iskra\/"]}]},{"@type":"ImageObject","inLanguage":"fr-FR","@id":"https:\/\/tomgrace.ch\/fr\/design\/iskra\/#primaryimage","url":"https:\/\/tomgrace.ch\/wp-content\/uploads\/2019\/10\/IskraH-2560.jpg","contentUrl":"https:\/\/tomgrace.ch\/wp-content\/uploads\/2019\/10\/IskraH-2560.jpg","width":2560,"height":1600,"caption":"Iskra"},{"@type":"BreadcrumbList","@id":"https:\/\/tomgrace.ch\/fr\/design\/iskra\/#breadcrumb","itemListElement":[{"@type":"ListItem","position":1,"name":"Home","item":"https:\/\/tomgrace.ch\/fr\/"},{"@type":"ListItem","position":2,"name":"Design","item":"https:\/\/tomgrace.ch\/fr\/design\/"},{"@type":"ListItem","position":3,"name":"Iskra"}]},{"@type":"WebSite","@id":"https:\/\/tomgrace.ch\/fr\/#website","url":"https:\/\/tomgrace.ch\/fr\/","name":"Tom Grace","description":"Typeface &amp; lettering design","publisher":{"@id":"https:\/\/tomgrace.ch\/fr\/#organization"},"potentialAction":[{"@type":"SearchAction","target":{"@type":"EntryPoint","urlTemplate":"https:\/\/tomgrace.ch\/fr\/?s={search_term_string}"},"query-input":{"@type":"PropertyValueSpecification","valueRequired":true,"valueName":"search_term_string"}}],"inLanguage":"fr-FR"},{"@type":"Organization","@id":"https:\/\/tomgrace.ch\/fr\/#organization","name":"Tom Grace","url":"https:\/\/tomgrace.ch\/fr\/","logo":{"@type":"ImageObject","inLanguage":"fr-FR","@id":"https:\/\/tomgrace.ch\/fr\/#\/schema\/logo\/image\/","url":"https:\/\/tomgrace.ch\/wp-content\/uploads\/2020\/05\/logoB-512.jpg","contentUrl":"https:\/\/tomgrace.ch\/wp-content\/uploads\/2020\/05\/logoB-512.jpg","width":512,"height":512,"caption":"Tom Grace"},"image":{"@id":"https:\/\/tomgrace.ch\/fr\/#\/schema\/logo\/image\/"},"sameAs":["https:\/\/www.linkedin.com\/in\/tom-grace-a3b3491\/"]}]}},"_links":{"self":[{"href":"https:\/\/tomgrace.ch\/fr\/wp-json\/wp\/v2\/portfolio\/80747","targetHints":{"allow":["GET"]}}],"collection":[{"href":"https:\/\/tomgrace.ch\/fr\/wp-json\/wp\/v2\/portfolio"}],"about":[{"href":"https:\/\/tomgrace.ch\/fr\/wp-json\/wp\/v2\/types\/portfolio"}],"author":[{"embeddable":true,"href":"https:\/\/tomgrace.ch\/fr\/wp-json\/wp\/v2\/users\/1"}],"replies":[{"embeddable":true,"href":"https:\/\/tomgrace.ch\/fr\/wp-json\/wp\/v2\/comments?post=80747"}],"version-history":[{"count":20,"href":"https:\/\/tomgrace.ch\/fr\/wp-json\/wp\/v2\/portfolio\/80747\/revisions"}],"predecessor-version":[{"id":81596,"href":"https:\/\/tomgrace.ch\/fr\/wp-json\/wp\/v2\/portfolio\/80747\/revisions\/81596"}],"wp:featuredmedia":[{"embeddable":true,"href":"https:\/\/tomgrace.ch\/fr\/wp-json\/wp\/v2\/media\/80122"}],"wp:attachment":[{"href":"https:\/\/tomgrace.ch\/fr\/wp-json\/wp\/v2\/media?parent=80747"}],"wp:term":[{"taxonomy":"portfolio_category","embeddable":true,"href":"https:\/\/tomgrace.ch\/fr\/wp-json\/wp\/v2\/portfolio_category?post=80747"}],"curies":[{"name":"wp","href":"https:\/\/api.w.org\/{rel}","templated":true}]}}